{"id":869,"date":"2025-11-18T11:01:13","date_gmt":"2025-11-18T10:01:13","guid":{"rendered":"https:\/\/versorgungsverband.kvt-zvk.de\/bv\/?page_id=869"},"modified":"2026-01-29T09:18:55","modified_gmt":"2026-01-29T08:18:55","slug":"weiterbildung","status":"publish","type":"page","link":"https:\/\/versorgungsverband.kvt-zvk.de\/bv\/weiterbildung\/","title":{"rendered":"Weiterbildung"},"content":{"rendered":"<p>Der Kommunale <strong>Versorgungsverband Th\u00fcringen (KVT)<\/strong> und seine <strong>Zusatzversorgungskasse Th\u00fcringen (ZVK Th\u00fcringen)<\/strong> bieten Ihnen ein umfassendes Fortbildungsprogramm an.<\/p>\n<p>Bei den Aufgabengebieten des KVT,<\/p>\n<ul>\n<li>der <strong>Beamtenversorgung<\/strong> und<\/li>\n<li>der <strong>Feuerwehrkasse<\/strong>,<\/li>\n<\/ul>\n<p>stehen wir Ihnen <strong>bei Bedarf<\/strong> gern f\u00fcr Schulungen zur Verf\u00fcgung. Diese k\u00f6nnen, ganz nach Wunsch, direkt bei Ihnen vor Ort oder in unseren R\u00e4umlichkeiten stattfinden.<br \/>\nHaben Sie Interesse? Dann k\u00f6nnen Sie uns gern f\u00fcr etwaige Terminabsprachen kontaktieren.<\/p>\n<p>Alle angebotenen Seminare finden in unserem <strong>Verbandsgeb\u00e4ude in Artern<\/strong> statt. Die Teilnehmer finden hier moderne Tagungsr\u00e4umlichkeiten vor, die optimale Lern\u2013 und \u00dcbungsbedingungen bieten.<\/p>\n<p>Weitere Informationen erhalten Sie beim Klick auf die unten stehenden <strong>Termine<\/strong>, auch Ihre <strong>Anmeldung<\/strong> k\u00f6nnen Sie direkt vornehmen!<\/p>\n<div class=\"su-tabs su-tabs-style-default su-tabs-mobile-stack my-custom-tabs\" data-active=\"1\" data-scroll-offset=\"0\" data-anchor-in-url=\"no\"><div class=\"su-tabs-nav\"><span class=\"\" data-url=\"\" data-target=\"blank\" tabindex=\"0\" role=\"button\"><strong>Termine<\/strong><\/span><span class=\"\" data-url=\"\" data-target=\"blank\" tabindex=\"0\" role=\"button\"><strong>Anmeldung<\/strong><\/span><\/div><div class=\"su-tabs-panes\"><div class=\"su-tabs-pane su-u-clearfix su-u-trim\" data-title=\"&lt;strong&gt;Termine&lt;\/strong&gt;\"><div class=\"em em-view-container\" id=\"em-view-1746154440\" data-view=\"list\">\r\n\t<div class=\"em pixelbones em-list em-events-list\" id=\"em-events-list-1746154440\" data-view-id=\"1746154440\">\r\n\t<div class=\"em-event em-item \" style=\"--default-border:#_CATEGORYCOLOR;\">\n\t<div class=\"em-item-image \">\n\t\t\n\t\t<img src='https:\/\/versorgungsverband.kvt-zvk.de\/bv\/wp-content\/uploads\/sites\/3\/2025\/11\/AdobeStock_227683183.jpg' alt='- ausgebucht - Seminar &quot;Grundlagen Beamtenversorgung&quot;'\/>\n\t\t\n\t\t\n\t<\/div>\n\t<div class=\"em-item-info\">\n\t\t<h3 class=\"em-item-title\"><a href=\"https:\/\/versorgungsverband.kvt-zvk.de\/bv\/events\/ausgebucht-seminar-grundlagen-beamtenversorgung\/\" data-wpel-link=\"internal\">- ausgebucht - Seminar &quot;Grundlagen Beamtenversorgung&quot;<\/a><\/h3>\n\t\t\n\t\t<div class=\"em-event-meta em-item-meta\">\n\t\t\t<div class=\"em-item-meta-line em-event-date em-event-meta-datetime\">\n\t\t\t\t<span class=\"em-icon-calendar em-icon\"><\/span>\n\t\t\t\t5. Mai 2026&nbsp;&nbsp;&nbsp;&nbsp;\n\t\t\t<\/div>\n\t\t\t<div class=\"em-item-meta-line em-event-time em-event-meta-datetime\">\n\t\t\t\t<span class=\"em-icon-clock em-icon\"><\/span>\n\t\t\t\t9:00 - 13:00\n\t\t\t<\/div>\n\t\t\t\n\t\t\t\n\t\t\t<div class=\"em-item-meta-line em-event-location\">\n\t\t\t\t<span class=\"em-icon-location em-icon\"><\/span>\n\t\t\t\t<a href=\"https:\/\/versorgungsverband.kvt-zvk.de\/bv\/locations\/kommunaler-versorgungsverband-thueringen\/\" data-wpel-link=\"internal\">Kommunaler Versorgungsverband Th\u00fcringen<\/a>\n\t\t\t<\/div>\n\t\t\t\n\t\t\t\n\t\t\t\n\t\t\t\n\t\t<\/div>\n\t\t<div class=\"em-item-desc\">\n\t\t\tZielgruppe: Personalsachbearbeiter\/innen, interessierte Entscheidungstr\u00e4ger Inhalte: Ziel ist es den Sachbearbeitern einen \u00dcberblick, sowohl \u00fcber die Grundlagen der Th\u00fcringer Beamtenversorgung als auch die Mitgliedschaft kommunaler Dienstherrn [...]\n\t\t<\/div>\n\t\t<div class=\"em-item-actions input\">\n\t\t\t<a class=\"em-item-read-more button\" href=\"https:\/\/versorgungsverband.kvt-zvk.de\/bv\/events\/ausgebucht-seminar-grundlagen-beamtenversorgung\/\" data-wpel-link=\"internal\">Weitere Informationen<\/a>\n\t\t\t\n\t\t<\/div>\n\t<\/div>\n<\/div><div class=\"em-event em-item \" style=\"--default-border:#_CATEGORYCOLOR;\">\n\t<div class=\"em-item-image \">\n\t\t\n\t\t<img src='https:\/\/versorgungsverband.kvt-zvk.de\/bv\/wp-content\/uploads\/sites\/3\/2025\/11\/AdobeStock_227683183.jpg' alt='- ausgebucht - Seminar &quot;Grundlagen Beamtenversorgung&quot;'\/>\n\t\t\n\t\t\n\t<\/div>\n\t<div class=\"em-item-info\">\n\t\t<h3 class=\"em-item-title\"><a href=\"https:\/\/versorgungsverband.kvt-zvk.de\/bv\/events\/ausgebucht-seminar-grundlagen-beamtenversorgung\/\" data-wpel-link=\"internal\">- ausgebucht - Seminar &quot;Grundlagen Beamtenversorgung&quot;<\/a><\/h3>\n\t\t\n\t\t<div class=\"em-event-meta em-item-meta\">\n\t\t\t<div class=\"em-item-meta-line em-event-date em-event-meta-datetime\">\n\t\t\t\t<span class=\"em-icon-calendar em-icon\"><\/span>\n\t\t\t\t19. Mai 2026&nbsp;&nbsp;&nbsp;&nbsp;\n\t\t\t<\/div>\n\t\t\t<div class=\"em-item-meta-line em-event-time em-event-meta-datetime\">\n\t\t\t\t<span class=\"em-icon-clock em-icon\"><\/span>\n\t\t\t\t9:00 - 13:00\n\t\t\t<\/div>\n\t\t\t\n\t\t\t\n\t\t\t<div class=\"em-item-meta-line em-event-location\">\n\t\t\t\t<span class=\"em-icon-location em-icon\"><\/span>\n\t\t\t\t<a href=\"https:\/\/versorgungsverband.kvt-zvk.de\/bv\/locations\/kommunaler-versorgungsverband-thueringen\/\" data-wpel-link=\"internal\">Kommunaler Versorgungsverband Th\u00fcringen<\/a>\n\t\t\t<\/div>\n\t\t\t\n\t\t\t\n\t\t\t\n\t\t\t\n\t\t<\/div>\n\t\t<div class=\"em-item-desc\">\n\t\t\tZielgruppe: Personalsachbearbeiter\/innen, interessierte Entscheidungstr\u00e4ger Inhalte: Ziel ist es den Sachbearbeitern einen \u00dcberblick, sowohl \u00fcber die Grundlagen der Th\u00fcringer Beamtenversorgung als auch die Mitgliedschaft kommunaler Dienstherrn [...]\n\t\t<\/div>\n\t\t<div class=\"em-item-actions input\">\n\t\t\t<a class=\"em-item-read-more button\" href=\"https:\/\/versorgungsverband.kvt-zvk.de\/bv\/events\/ausgebucht-seminar-grundlagen-beamtenversorgung\/\" data-wpel-link=\"internal\">Weitere Informationen<\/a>\n\t\t\t\n\t\t<\/div>\n\t<\/div>\n<\/div><div class=\"em-event em-item \" style=\"--default-border:#_CATEGORYCOLOR;\">\n\t<div class=\"em-item-image \">\n\t\t\n\t\t<img src='https:\/\/versorgungsverband.kvt-zvk.de\/bv\/wp-content\/uploads\/sites\/3\/2025\/11\/AdobeStock_227683183.jpg' alt='- ausgebucht - Seminar &quot;Grundlagen Beamtenversorgung&quot;'\/>\n\t\t\n\t\t\n\t<\/div>\n\t<div class=\"em-item-info\">\n\t\t<h3 class=\"em-item-title\"><a href=\"https:\/\/versorgungsverband.kvt-zvk.de\/bv\/events\/ausgebucht-seminar-grundlagen-beamtenversorgung\/\" data-wpel-link=\"internal\">- ausgebucht - Seminar &quot;Grundlagen Beamtenversorgung&quot;<\/a><\/h3>\n\t\t\n\t\t<div class=\"em-event-meta em-item-meta\">\n\t\t\t<div class=\"em-item-meta-line em-event-date em-event-meta-datetime\">\n\t\t\t\t<span class=\"em-icon-calendar em-icon\"><\/span>\n\t\t\t\t8. September 2026&nbsp;&nbsp;&nbsp;&nbsp;\n\t\t\t<\/div>\n\t\t\t<div class=\"em-item-meta-line em-event-time em-event-meta-datetime\">\n\t\t\t\t<span class=\"em-icon-clock em-icon\"><\/span>\n\t\t\t\t9:00 - 13:00\n\t\t\t<\/div>\n\t\t\t\n\t\t\t\n\t\t\t<div class=\"em-item-meta-line em-event-location\">\n\t\t\t\t<span class=\"em-icon-location em-icon\"><\/span>\n\t\t\t\t<a href=\"https:\/\/versorgungsverband.kvt-zvk.de\/bv\/locations\/kommunaler-versorgungsverband-thueringen\/\" data-wpel-link=\"internal\">Kommunaler Versorgungsverband Th\u00fcringen<\/a>\n\t\t\t<\/div>\n\t\t\t\n\t\t\t\n\t\t\t\n\t\t\t\n\t\t<\/div>\n\t\t<div class=\"em-item-desc\">\n\t\t\tZielgruppe: Personalsachbearbeiter\/innen, interessierte Entscheidungstr\u00e4ger Inhalte: Ziel ist es den Sachbearbeitern einen \u00dcberblick, sowohl \u00fcber die Grundlagen der Th\u00fcringer Beamtenversorgung als auch die Mitgliedschaft kommunaler Dienstherrn [...]\n\t\t<\/div>\n\t\t<div class=\"em-item-actions input\">\n\t\t\t<a class=\"em-item-read-more button\" href=\"https:\/\/versorgungsverband.kvt-zvk.de\/bv\/events\/ausgebucht-seminar-grundlagen-beamtenversorgung\/\" data-wpel-link=\"internal\">Weitere Informationen<\/a>\n\t\t\t\n\t\t<\/div>\n\t<\/div>\n<\/div><div class=\"em-event em-item \" style=\"--default-border:#_CATEGORYCOLOR;\">\n\t<div class=\"em-item-image \">\n\t\t\n\t\t<img src='https:\/\/versorgungsverband.kvt-zvk.de\/bv\/wp-content\/uploads\/sites\/3\/2025\/11\/AdobeStock_227683183.jpg' alt='Seminar &quot;Grundlagen Beamtenversorgung&quot;'\/>\n\t\t\n\t\t\n\t<\/div>\n\t<div class=\"em-item-info\">\n\t\t<h3 class=\"em-item-title\"><a href=\"https:\/\/versorgungsverband.kvt-zvk.de\/bv\/events\/seminar-grundlagen-beamtenversorgung\/\" data-wpel-link=\"internal\">Seminar &quot;Grundlagen Beamtenversorgung&quot;<\/a><\/h3>\n\t\t\n\t\t<div class=\"em-event-meta em-item-meta\">\n\t\t\t<div class=\"em-item-meta-line em-event-date em-event-meta-datetime\">\n\t\t\t\t<span class=\"em-icon-calendar em-icon\"><\/span>\n\t\t\t\t6. Oktober 2026&nbsp;&nbsp;&nbsp;&nbsp;\n\t\t\t<\/div>\n\t\t\t<div class=\"em-item-meta-line em-event-time em-event-meta-datetime\">\n\t\t\t\t<span class=\"em-icon-clock em-icon\"><\/span>\n\t\t\t\t9:00 - 13:00\n\t\t\t<\/div>\n\t\t\t\n\t\t\t\n\t\t\t<div class=\"em-item-meta-line em-event-location\">\n\t\t\t\t<span class=\"em-icon-location em-icon\"><\/span>\n\t\t\t\t<a href=\"https:\/\/versorgungsverband.kvt-zvk.de\/bv\/locations\/kommunaler-versorgungsverband-thueringen\/\" data-wpel-link=\"internal\">Kommunaler Versorgungsverband Th\u00fcringen<\/a>\n\t\t\t<\/div>\n\t\t\t\n\t\t\t\n\t\t\t\n\t\t\t\n\t\t<\/div>\n\t\t<div class=\"em-item-desc\">\n\t\t\tZielgruppe: Personalsachbearbeiter\/innen, interessierte Entscheidungstr\u00e4ger Inhalte: Ziel ist es den Sachbearbeitern einen \u00dcberblick, sowohl \u00fcber die Grundlagen der Th\u00fcringer Beamtenversorgung als auch die Mitgliedschaft kommunaler Dienstherrn [...]\n\t\t<\/div>\n\t\t<div class=\"em-item-actions input\">\n\t\t\t<a class=\"em-item-read-more button\" href=\"https:\/\/versorgungsverband.kvt-zvk.de\/bv\/events\/seminar-grundlagen-beamtenversorgung\/\" data-wpel-link=\"internal\">Weitere Informationen<\/a>\n\t\t\t\n\t\t<\/div>\n\t<\/div>\n<\/div>\t<\/div>\r\n<\/div><\/div>\n<div class=\"su-tabs-pane su-u-clearfix su-u-trim\" data-title=\"&lt;strong&gt;Anmeldung&lt;\/strong&gt;\"><\/span><br \/>\n<div class=\"su-service\"><div class=\"su-service-title\" style=\"padding-left:44px;min-height:30px;line-height:30px\"><i class=\"sui sui-envelope-o\" style=\"font-size:30px;color:#CC0066\"><\/i> Zur Anmeldung einfach klicken:<\/div><div class=\"su-service-content su-u-clearfix su-u-trim\" style=\"padding-left:44px\"><a href=\"mailto:a.himsl@kvt-zvk.de?subject=Anmeldung Seminar&amp;body=Hiermit m\u00f6chte ich mich f\u00fcr das Seminar anmelden! %0D%0A%0D%0AWunschdatum:%0D%0A%0DName:%0D%0A%0DMitgliedsnummer:%0D%0A%0DTelefonnummer: \">E-Mail an a.himsl@kvt-zvk.de<\/a><\/div><\/div>\n<\/div><\/div><\/div>\n","protected":false},"excerpt":{"rendered":"<p>Der Kommunale Versorgungsverband Th\u00fcringen (KVT) und seine Zusatzversorgungskasse Th\u00fcringen (ZVK Th\u00fcringen) bieten Ihnen ein umfassendes Fortbildungsprogramm an. Bei den Aufgabengebieten des KVT, der Beamtenversorgung und der Feuerwehrkasse, stehen wir Ihnen bei Bedarf gern f\u00fcr&#46;&#46;&#46;<\/p>\n","protected":false},"author":1,"featured_media":0,"parent":0,"menu_order":0,"comment_status":"closed","ping_status":"closed","template":"","meta":{"_EventAllDay":false,"_EventTimezone":"","_EventStartDate":"","_EventEndDate":"","_EventStartDateUTC":"","_EventEndDateUTC":"","_EventShowMap":false,"_EventShowMapLink":false,"_EventURL":"","_EventCost":"","_EventCostDescription":"","_EventCurrencySymbol":"","_EventCurrencyCode":"","_EventCurrencyPosition":"","_EventDateTimeSeparator":"","_EventTimeRangeSeparator":"","_EventOrganizerID":[],"_EventVenueID":[],"_OrganizerEmail":"","_OrganizerPhone":"","_OrganizerWebsite":"","_VenueAddress":"","_VenueCity":"","_VenueCountry":"","_VenueProvince":"","_VenueState":"","_VenueZip":"","_VenuePhone":"","_VenueURL":"","_VenueStateProvince":"","_VenueLat":"","_VenueLng":"","_VenueShowMap":false,"_VenueShowMapLink":false,"footnotes":""},"class_list":["post-869","page","type-page","status-publish","hentry"],"_links":{"self":[{"href":"https:\/\/versorgungsverband.kvt-zvk.de\/bv\/wp-json\/wp\/v2\/pages\/869","targetHints":{"allow":["GET"]}}],"collection":[{"href":"https:\/\/versorgungsverband.kvt-zvk.de\/bv\/wp-json\/wp\/v2\/pages"}],"about":[{"href":"https:\/\/versorgungsverband.kvt-zvk.de\/bv\/wp-json\/wp\/v2\/types\/page"}],"author":[{"embeddable":true,"href":"https:\/\/versorgungsverband.kvt-zvk.de\/bv\/wp-json\/wp\/v2\/users\/1"}],"replies":[{"embeddable":true,"href":"https:\/\/versorgungsverband.kvt-zvk.de\/bv\/wp-json\/wp\/v2\/comments?post=869"}],"version-history":[{"count":42,"href":"https:\/\/versorgungsverband.kvt-zvk.de\/bv\/wp-json\/wp\/v2\/pages\/869\/revisions"}],"predecessor-version":[{"id":1016,"href":"https:\/\/versorgungsverband.kvt-zvk.de\/bv\/wp-json\/wp\/v2\/pages\/869\/revisions\/1016"}],"wp:attachment":[{"href":"https:\/\/versorgungsverband.kvt-zvk.de\/bv\/wp-json\/wp\/v2\/media?parent=869"}],"curies":[{"name":"wp","href":"https:\/\/api.w.org\/{rel}","templated":true}]}}